{"id":3340,"date":"2023-11-29T14:23:00","date_gmt":"2023-11-29T14:23:00","guid":{"rendered":"https:\/\/www.sassi-llc.eu\/?page_id=3340"},"modified":"2023-11-29T15:00:22","modified_gmt":"2023-11-29T15:00:22","slug":"chapter-iv-mobility-in-practice","status":"publish","type":"page","link":"https:\/\/www.sassi-llc.eu\/pt\/chapter-iv-mobility-in-practice\/","title":{"rendered":"CAP\u00cdTULO 4 \u2013 Mobilidade na Pr\u00e1tica"},"content":{"rendered":"\n<div class=\"ct-posts-shortcode\" data-prefix=\"class_archive\"><div class=\"entries\" data-archive=\"default\" data-layout=\"grid\" data-cards=\"simple\"><article id=\"post-3317\" class=\"entry-card post-3317 class type-class status-publish format-standard has-post-thumbnail hentry en-GB\" data-reveal=\"yes:1\"><a class=\"ct-media-container\" href=\"https:\/\/www.sassi-llc.eu\/class\/iv-1-selecao-da-mobilidade-adequada\/\" aria-label=\"IV. 1 Sele\u00e7\u00e3o da mobilidade adequada\" tabindex=\"-1\"><img decoding=\"async\" width=\"768\" height=\"511\" src=\"https:\/\/www.sassi-llc.eu\/wp-content\/uploads\/2023\/10\/pixabay-269790-768x511.webp\" class=\"attachment-medium_large size-medium_large wp-post-image\" alt=\"\" loading=\"lazy\" srcset=\"https:\/\/www.sassi-llc.eu\/wp-content\/uploads\/2023\/10\/pixabay-269790-768x511.webp 768w, https:\/\/www.sassi-llc.eu\/wp-content\/uploads\/2023\/10\/pixabay-269790-300x200.webp 300w, https:\/\/www.sassi-llc.eu\/wp-content\/uploads\/2023\/10\/pixabay-269790-1024x682.webp 1024w, https:\/\/www.sassi-llc.eu\/wp-content\/uploads\/2023\/10\/pixabay-269790.webp 1280w\" sizes=\"auto, (max-width: 768px) 100vw, 768px\" itemprop=\"image\" style=\"aspect-ratio: 4\/3;\"><\/a>\n\t<h2 class=\"entry-title\">\n\t\t<a href=\"https:\/\/www.sassi-llc.eu\/class\/iv-1-selecao-da-mobilidade-adequada\/\" rel=\"bookmark\">\n\t\t\tIV. 1 Sele\u00e7\u00e3o da mobilidade adequada\t\t<\/a>\n\t<\/h2>\n\n\t<div class=\"entry-excerpt\">A mobilidade no local de trabalho pode ser um elemento da evolu\u00e7\u00e3o da carreira, que pode ser definida como uma s\u00e9rie de actividades ou um processo de evolu\u00e7\u00e3o da carreira ao longo da vida.<\/div><a class=\"entry-button\" href=\"https:\/\/www.sassi-llc.eu\/class\/iv-1-selecao-da-mobilidade-adequada\/\">Ler mais<svg width=\"17px\" height=\"17px\" viewBox=\"0 0 32 32\" fill=\"currentColor\"><path d=\"M 21.1875 9.28125 L 19.78125 10.71875 L 24.0625 15 L 4 15 L 4 17 L 24.0625 17 L 19.78125 21.28125 L 21.1875 22.71875 L 27.90625 16 Z \"><\/path><\/svg><span class=\"screen-reader-text\">IV. 1 Sele\u00e7\u00e3o da mobilidade adequada<\/span><\/a><\/article><article id=\"post-3318\" class=\"entry-card post-3318 class type-class status-publish format-standard has-post-thumbnail hentry en-GB\" data-reveal=\"yes:2\"><a class=\"ct-media-container\" href=\"https:\/\/www.sassi-llc.eu\/class\/iv-2-aspectos-juridicos-da-mobilidade\/\" aria-label=\"IV. 2 \u2013 Aspectos jur\u00eddicos da mobilidade\" tabindex=\"-1\"><img decoding=\"async\" width=\"768\" height=\"512\" src=\"https:\/\/www.sassi-llc.eu\/wp-content\/uploads\/2023\/10\/one-person-coaches-about-legal-aspects-with-coachee-about-60-years-old-business-casual-look.jpeg\" class=\"attachment-medium_large size-medium_large wp-post-image\" alt=\"\" loading=\"lazy\" srcset=\"https:\/\/www.sassi-llc.eu\/wp-content\/uploads\/2023\/10\/one-person-coaches-about-legal-aspects-with-coachee-about-60-years-old-business-casual-look.jpeg 768w, https:\/\/www.sassi-llc.eu\/wp-content\/uploads\/2023\/10\/one-person-coaches-about-legal-aspects-with-coachee-about-60-years-old-business-casual-look-300x300.jpeg 300w, https:\/\/www.sassi-llc.eu\/wp-content\/uploads\/2023\/10\/one-person-coaches-about-legal-aspects-with-coachee-about-60-years-old-business-casual-look-150x150.jpeg 1024w, https:\/\/www.sassi-llc.eu\/wp-content\/uploads\/2023\/10\/one-person-coaches-about-legal-aspects-with-coachee-about-60-years-old-business-casual-look.jpeg 1280w\" sizes=\"auto, (max-width: 768px) 100vw, 768px\" itemprop=\"image\" style=\"aspect-ratio: 4\/3;\"><\/a>\n\t<h2 class=\"entry-title\">\n\t\t<a href=\"https:\/\/www.sassi-llc.eu\/class\/iv-2-aspectos-juridicos-da-mobilidade\/\" rel=\"bookmark\">\n\t\t\tIV. 2 \u2013 Aspectos jur\u00eddicos da mobilidade\t\t<\/a>\n\t<\/h2>\n\n\t<div class=\"entry-excerpt\">Saiba mais sobre os requisitos legais relevantes para o planeamento da mobilidade e onde encontrar recursos<\/div><a class=\"entry-button\" href=\"https:\/\/www.sassi-llc.eu\/class\/iv-2-aspectos-juridicos-da-mobilidade\/\">Ler mais<svg width=\"17px\" height=\"17px\" viewBox=\"0 0 32 32\" fill=\"currentColor\"><path d=\"M 21.1875 9.28125 L 19.78125 10.71875 L 24.0625 15 L 4 15 L 4 17 L 24.0625 17 L 19.78125 21.28125 L 21.1875 22.71875 L 27.90625 16 Z \"><\/path><\/svg><span class=\"screen-reader-text\">IV. 2 \u2013 Aspectos jur\u00eddicos da mobilidade<\/span><\/a><\/article><article id=\"post-3319\" class=\"entry-card post-3319 class type-class status-publish format-standard has-post-thumbnail hentry en-GB\" data-reveal=\"yes:3\"><a class=\"ct-media-container\" href=\"https:\/\/www.sassi-llc.eu\/class\/iv-3-aprendizagem-autonoma-no-dominio-das-mobilidades\/\" aria-label=\"IV. 3 \u2013 Aprendizagem aut\u00f3noma no dom\u00ednio das mobilidades\" tabindex=\"-1\"><img decoding=\"async\" width=\"768\" height=\"515\" src=\"https:\/\/www.sassi-llc.eu\/wp-content\/uploads\/2023\/10\/pile-of-books-on-a-desk-topic-of-books-business-administration-start-up.jpeg\" class=\"attachment-medium_large size-medium_large wp-post-image\" alt=\"\" loading=\"lazy\" srcset=\"https:\/\/www.sassi-llc.eu\/wp-content\/uploads\/2023\/10\/pile-of-books-on-a-desk-topic-of-books-business-administration-start-up.jpeg 768w, https:\/\/www.sassi-llc.eu\/wp-content\/uploads\/2023\/10\/pile-of-books-on-a-desk-topic-of-books-business-administration-start-up-300x300.jpeg 300w, https:\/\/www.sassi-llc.eu\/wp-content\/uploads\/2023\/10\/pile-of-books-on-a-desk-topic-of-books-business-administration-start-up-150x150.jpeg 1024w, https:\/\/www.sassi-llc.eu\/wp-content\/uploads\/2023\/10\/pile-of-books-on-a-desk-topic-of-books-business-administration-start-up.jpeg 1279w\" sizes=\"auto, (max-width: 768px) 100vw, 768px\" itemprop=\"image\" style=\"aspect-ratio: 4\/3;\"><\/a>\n\t<h2 class=\"entry-title\">\n\t\t<a href=\"https:\/\/www.sassi-llc.eu\/class\/iv-3-aprendizagem-autonoma-no-dominio-das-mobilidades\/\" rel=\"bookmark\">\n\t\t\tIV. 3 \u2013 Aprendizagem aut\u00f3noma no dom\u00ednio das mobilidades\t\t<\/a>\n\t<\/h2>\n\n\t<div class=\"entry-excerpt\">Se gosta de assumir a responsabilidade pelo que aprende e domina, a aprendizagem aut\u00f3noma pode ser o caminho certo para si.<\/div><a class=\"entry-button\" href=\"https:\/\/www.sassi-llc.eu\/class\/iv-3-aprendizagem-autonoma-no-dominio-das-mobilidades\/\">Ler mais<svg width=\"17px\" height=\"17px\" viewBox=\"0 0 32 32\" fill=\"currentColor\"><path d=\"M 21.1875 9.28125 L 19.78125 10.71875 L 24.0625 15 L 4 15 L 4 17 L 24.0625 17 L 19.78125 21.28125 L 21.1875 22.71875 L 27.90625 16 Z \"><\/path><\/svg><span class=\"screen-reader-text\">IV. 3 \u2013 Aprendizagem aut\u00f3noma no dom\u00ednio das mobilidades<\/span><\/a><\/article><article id=\"post-3320\" class=\"entry-card post-3320 class type-class status-publish format-standard has-post-thumbnail hentry en-GB\" data-reveal=\"yes:4\"><a class=\"ct-media-container\" href=\"https:\/\/www.sassi-llc.eu\/class\/iv-4-acompanhamento-e-verificacao-do-desenvolvimento-de-competencias\/\" aria-label=\"IV. 4 \u2013 Acompanhamento e verifica\u00e7\u00e3o do desenvolvimento de compet\u00eancias\" tabindex=\"-1\"><img decoding=\"async\" width=\"768\" height=\"1152\" src=\"https:\/\/www.sassi-llc.eu\/wp-content\/uploads\/2023\/10\/shorthaired-lady-in-her-midfifties-working-at-her-laptop-casual-768x768.jpeg\" class=\"attachment-medium_large size-medium_large wp-post-image\" alt=\"\" loading=\"lazy\" srcset=\"https:\/\/www.sassi-llc.eu\/wp-content\/uploads\/2023\/10\/shorthaired-lady-in-her-midfifties-working-at-her-laptop-casual-768x768.jpeg 768w, https:\/\/www.sassi-llc.eu\/wp-content\/uploads\/2023\/10\/shorthaired-lady-in-her-midfifties-working-at-her-laptop-casual-300x300.jpeg 200w, https:\/\/www.sassi-llc.eu\/wp-content\/uploads\/2023\/10\/shorthaired-lady-in-her-midfifties-working-at-her-laptop-casual-150x150.jpeg 683w, https:\/\/www.sassi-llc.eu\/wp-content\/uploads\/2023\/10\/shorthaired-lady-in-her-midfifties-working-at-her-laptop-casual.jpeg 1024w, https:\/\/www.sassi-llc.eu\/wp-content\/uploads\/2023\/10\/shorthaired-lady-in-her-midfifties-working-at-her-laptop-casual.jpeg 1280w\" sizes=\"auto, (max-width: 768px) 100vw, 768px\" itemprop=\"image\" style=\"aspect-ratio: 4\/3;\"><\/a>\n\t<h2 class=\"entry-title\">\n\t\t<a href=\"https:\/\/www.sassi-llc.eu\/class\/iv-4-acompanhamento-e-verificacao-do-desenvolvimento-de-competencias\/\" rel=\"bookmark\">\n\t\t\tIV. 4 \u2013 Acompanhamento e verifica\u00e7\u00e3o do desenvolvimento de compet\u00eancias\t\t<\/a>\n\t<\/h2>\n\n\t<div class=\"entry-excerpt\">Se, antes do programa de mobilidade, tiver uma ideia clara das melhorias que pretende efetuar, poder\u00e1 avaliar melhor os progressos realizados. As provas ajud\u00e1-lo-\u00e3o de v\u00e1rias formas.<\/div><a class=\"entry-button\" href=\"https:\/\/www.sassi-llc.eu\/class\/iv-4-acompanhamento-e-verificacao-do-desenvolvimento-de-competencias\/\">Ler mais<svg width=\"17px\" height=\"17px\" viewBox=\"0 0 32 32\" fill=\"currentColor\"><path d=\"M 21.1875 9.28125 L 19.78125 10.71875 L 24.0625 15 L 4 15 L 4 17 L 24.0625 17 L 19.78125 21.28125 L 21.1875 22.71875 L 27.90625 16 Z \"><\/path><\/svg><span class=\"screen-reader-text\">IV. 4 \u2013 Acompanhamento e verifica\u00e7\u00e3o do desenvolvimento de compet\u00eancias<\/span><\/a><\/article><\/div><\/div>\n\n\n\n<div style=\"height:100px\" aria-hidden=\"true\" class=\"wp-block-spacer\"><\/div>\n","protected":false},"excerpt":{"rendered":"<p>IV. 1 Sele\u00e7\u00e3o da mobilidade adequada A mobilidade no local de trabalho pode ser um elemento da evolu\u00e7\u00e3o da carreira, que pode ser definida como uma s\u00e9rie de actividades ou um processo de evolu\u00e7\u00e3o da carreira ao longo da vida. Ler maisIV. 1 Sele\u00e7\u00e3o da mobilidade adequada IV. 2 \u2013 Aspectos jur\u00eddicos da mobilidade Saiba [&hellip;]<\/p>\n","protected":false},"author":4,"featured_media":0,"parent":0,"menu_order":0,"comment_status":"closed","ping_status":"closed","template":"","meta":{"inline_featured_image":false,"_locale":"pt_PT","_original_post":"https:\/\/www.sassi-llc.eu\/?page_id=2642","footnotes":""},"class_list":["post-3340","page","type-page","status-publish","hentry","pt-PT"],"blocksy_meta":[],"_links":{"self":[{"href":"https:\/\/www.sassi-llc.eu\/wp-json\/wp\/v2\/pages\/3340","targetHints":{"allow":["GET"]}}],"collection":[{"href":"https:\/\/www.sassi-llc.eu\/wp-json\/wp\/v2\/pages"}],"about":[{"href":"https:\/\/www.sassi-llc.eu\/wp-json\/wp\/v2\/types\/page"}],"author":[{"embeddable":true,"href":"https:\/\/www.sassi-llc.eu\/wp-json\/wp\/v2\/users\/4"}],"replies":[{"embeddable":true,"href":"https:\/\/www.sassi-llc.eu\/wp-json\/wp\/v2\/comments?post=3340"}],"version-history":[{"count":2,"href":"https:\/\/www.sassi-llc.eu\/wp-json\/wp\/v2\/pages\/3340\/revisions"}],"predecessor-version":[{"id":3351,"href":"https:\/\/www.sassi-llc.eu\/wp-json\/wp\/v2\/pages\/3340\/revisions\/3351"}],"wp:attachment":[{"href":"https:\/\/www.sassi-llc.eu\/wp-json\/wp\/v2\/media?parent=3340"}],"curies":[{"name":"wp","href":"https:\/\/api.w.org\/{rel}","templated":true}]}}